{"id":679,"date":"2017-07-21T10:27:02","date_gmt":"2017-07-21T10:27:02","guid":{"rendered":"http:\/\/www.campingbenidorm.com\/wordpress\/condiciones-del-camping\/"},"modified":"2020-06-19T07:00:23","modified_gmt":"2020-06-19T07:00:23","slug":"conditions-generales-de-reservation","status":"publish","type":"page","link":"https:\/\/www.campingbenidorm.com\/fr\/conditions-generales-de-reservation\/","title":{"rendered":"Conditions g\u00e9n\u00e9rales de r\u00e9servation"},"content":{"rendered":"<div class=\"wpb-content-wrapper\"><p>[vc_row][vc_column][vc_column_text]<\/p>\n<h3>CONDITIONS G\u00c9N\u00c9RALES DE R\u00c9SERVATION<\/h3>\n<p><img loading=\"lazy\" decoding=\"async\" class=\"alignnone size-full wp-image-70\" src=\"https:\/\/www.campingbenidorm.com\/wp-content\/uploads\/2017\/06\/separador_camping.png\" alt=\"\" width=\"1211\" height=\"4\" srcset=\"https:\/\/www.campingbenidorm.com\/wp-content\/uploads\/2017\/06\/separador_camping.png 1211w, https:\/\/www.campingbenidorm.com\/wp-content\/uploads\/2017\/06\/separador_camping-300x1.png 300w, https:\/\/www.campingbenidorm.com\/wp-content\/uploads\/2017\/06\/separador_camping-768x3.png 768w, https:\/\/www.campingbenidorm.com\/wp-content\/uploads\/2017\/06\/separador_camping-1024x3.png 1024w\" sizes=\"(max-width: 1211px) 100vw, 1211px\" \/><\/p>\n<p>&nbsp;<\/p>\n<p>L\u2019enregistrement d\u2019une r\u00e9servation implique l\u2019acceptation expresse par le client de toutes les conditions g\u00e9n\u00e9rales qui sont consid\u00e9r\u00e9es comme faisant partie de la r\u00e9servation et qui sont compl\u00e9t\u00e9es par la l\u00e9gislation sp\u00e9cifique applicable, le d\u00e9cret 6\/2015 du 23 janvier du Gouvernement de Valence.<\/p>\n<p>&nbsp;<\/p>\n<h3><\/h3>\n<h3>RESPONSABILIT\u00c9 DU CLIENT<\/h3>\n<p><img loading=\"lazy\" decoding=\"async\" class=\"alignnone size-full wp-image-70\" src=\"https:\/\/www.campingbenidorm.com\/wp-content\/uploads\/2017\/06\/separador_camping.png\" alt=\"\" width=\"1211\" height=\"4\" srcset=\"https:\/\/www.campingbenidorm.com\/wp-content\/uploads\/2017\/06\/separador_camping.png 1211w, https:\/\/www.campingbenidorm.com\/wp-content\/uploads\/2017\/06\/separador_camping-300x1.png 300w, https:\/\/www.campingbenidorm.com\/wp-content\/uploads\/2017\/06\/separador_camping-768x3.png 768w, https:\/\/www.campingbenidorm.com\/wp-content\/uploads\/2017\/06\/separador_camping-1024x3.png 1024w\" sizes=\"(max-width: 1211px) 100vw, 1211px\" \/><\/p>\n<p>En effectuant la r\u00e9servation, le client est pleinement et exclusivement responsable de l\u2019exactitude de toutes les donn\u00e9es transmises. Si nous nous apercevons qu\u2019elles sont inexactes, nous pourrions \u00eatre amen\u00e9s \u00e0 annuler la r\u00e9servation.<\/p>\n<p>Les r\u00e9servations sont r\u00e9alis\u00e9es en effectuant un d\u00e9p\u00f4t par virement bancaire sur le compte bancaire du camping. La r\u00e9servation est assur\u00e9e au moment o\u00f9 l\u2019\u00e9tablissement aura pris connaissance de la r\u00e9alisation du d\u00e9p\u00f4t. \u00c0 l\u2019arriv\u00e9e au camping, le client devra pr\u00e9senter le r\u00e9c\u00e9piss\u00e9 du virement.<\/p>\n<p>Si le client ne se pr\u00e9sente pas le jour d\u2019entr\u00e9e pr\u00e9vu, la r\u00e9servation sera consid\u00e9r\u00e9e annul\u00e9e.<\/p>\n<p>Il sera possible de r\u00e9aliser des r\u00e9servations, au maximum, jusqu\u2019\u00e0 trois jours avant la date fix\u00e9e d\u2019occupation du logement.<\/p>\n<p>Lors de la formalisation de la r\u00e9servation, les h\u00e9bergements seront attribu\u00e9s en fonction des besoins du client et des h\u00e9bergements disponibles.<\/p>\n<p>Le camping ne garantit pas l&rsquo;attribution d&rsquo;un h\u00e9bergement sp\u00e9cifique (par exemple, \u00abBungalow n\u00ba ___\u00bb ou \u00abParcelle n\u00ba ___\u00bb).<\/p>\n<h3>ANNULATIONS<\/h3>\n<p><img loading=\"lazy\" decoding=\"async\" class=\"alignnone size-full wp-image-70\" src=\"https:\/\/www.campingbenidorm.com\/wp-content\/uploads\/2017\/06\/separador_camping.png\" alt=\"\" width=\"1211\" height=\"4\" srcset=\"https:\/\/www.campingbenidorm.com\/wp-content\/uploads\/2017\/06\/separador_camping.png 1211w, https:\/\/www.campingbenidorm.com\/wp-content\/uploads\/2017\/06\/separador_camping-300x1.png 300w, https:\/\/www.campingbenidorm.com\/wp-content\/uploads\/2017\/06\/separador_camping-768x3.png 768w, https:\/\/www.campingbenidorm.com\/wp-content\/uploads\/2017\/06\/separador_camping-1024x3.png 1024w\" sizes=\"(max-width: 1211px) 100vw, 1211px\" \/><\/p>\n<p>Le client pourra \u00e0 tout moment se d\u00e9sister des services demand\u00e9s ou souscrits. Il aura le droit au remboursement du montant du d\u00e9p\u00f4t qui aura \u00e9t\u00e9 vers\u00e9 et devra indemniser l\u2019\u00e9tablissement touristique r\u00e9serv\u00e9 \u00e0 hauteur du pourcentage suivant du d\u00e9p\u00f4t exig\u00e9 :<\/p>\n<p>5\u00a0% du montant du d\u00e9p\u00f4t lorsque l\u2019annulation est effectu\u00e9e PLUS DE TRENTE jours avant la date fix\u00e9e d\u2019occupation du logement.<\/p>\n<p>50\u00a0% du montant du d\u00e9p\u00f4t lorsqu\u2019elle est effectu\u00e9e dans les TRENTE jours et PLUS DE SEPT jours.<\/p>\n<p>100\u00a0% du montant du d\u00e9p\u00f4t r\u00e9alis\u00e9 dans les SEPT jours.<\/p>\n<p>Dans le cas o\u00f9 le client ne se pr\u00e9sente pas au camping le jour d&rsquo;arriv\u00e9e pr\u00e9vu, la r\u00e9servation sera automatiquement annul\u00e9e.[\/vc_column_text][\/vc_column][\/vc_row]<\/p>\n<\/div>","protected":false},"excerpt":{"rendered":"<p>[vc_row][vc_column][vc_column_text] CONDITIONS G\u00c9N\u00c9RALES DE R\u00c9SERVATION &nbsp; L\u2019enregistrement d\u2019une r\u00e9servation implique l\u2019acceptation expresse par le client de toutes les conditions g\u00e9n\u00e9rales qui sont consid\u00e9r\u00e9es comme faisant partie de la r\u00e9servation et qui sont compl\u00e9t\u00e9es par la l\u00e9gislation sp\u00e9cifique applicable, le d\u00e9cret 6\/2015 du 23 janvier du Gouvernement de Valence. &nbsp; RESPONSABILIT\u00c9 DU CLIENT En effectuant la&hellip;<\/p>\n","protected":false},"author":1,"featured_media":0,"parent":0,"menu_order":0,"comment_status":"closed","ping_status":"closed","template":"","meta":{"footnotes":""},"_links":{"self":[{"href":"https:\/\/www.campingbenidorm.com\/fr\/wp-json\/wp\/v2\/pages\/679"}],"collection":[{"href":"https:\/\/www.campingbenidorm.com\/fr\/wp-json\/wp\/v2\/pages"}],"about":[{"href":"https:\/\/www.campingbenidorm.com\/fr\/wp-json\/wp\/v2\/types\/page"}],"author":[{"embeddable":true,"href":"https:\/\/www.campingbenidorm.com\/fr\/wp-json\/wp\/v2\/users\/1"}],"replies":[{"embeddable":true,"href":"https:\/\/www.campingbenidorm.com\/fr\/wp-json\/wp\/v2\/comments?post=679"}],"version-history":[{"count":5,"href":"https:\/\/www.campingbenidorm.com\/fr\/wp-json\/wp\/v2\/pages\/679\/revisions"}],"predecessor-version":[{"id":1237,"href":"https:\/\/www.campingbenidorm.com\/fr\/wp-json\/wp\/v2\/pages\/679\/revisions\/1237"}],"wp:attachment":[{"href":"https:\/\/www.campingbenidorm.com\/fr\/wp-json\/wp\/v2\/media?parent=679"}],"curies":[{"name":"wp","href":"https:\/\/api.w.org\/{rel}","templated":true}]}}